{"id":282,"date":"2018-01-25T12:49:49","date_gmt":"2018-01-25T11:49:49","guid":{"rendered":"http:\/\/www.svkst.unist.hr\/?page_id=282"},"modified":"2022-09-06T11:38:04","modified_gmt":"2022-09-06T09:38:04","slug":"korisnici-s-posebnim-potrebama","status":"publish","type":"page","link":"https:\/\/www.svkst.unist.hr\/index.php\/usluge\/korisnici-s-posebnim-potrebama\/","title":{"rendered":"Korisnici s posebnim potrebama"},"content":{"rendered":"<h3><a class=\"show_hide\" href=\"#a\">Usluge za korisnike s posebnim potrebama<\/a><\/h3>\n<div class=\"slidingDiv\">\n<p style=\"text-align: justify;\">Sveu\u010dili\u0161na knji\u017enica \u017eeli svojim korisnicima s posebnim potrebama osigurati takvo okru\u017eenje koje \u0107e im olak\u0161ati pristup knji\u017eni\u010dnim uslugama i zbirkama. Knji\u017enica nastoji i nastojat \u0107e korisnicima &#8211; studentima s pote\u0161ko\u0107ama osigurati \u0161to bolje uvjete za uspje\u0161no studiranje te \u0107e rje\u0161avati specifi\u010dne probleme koji se mogu pojaviti tijekom boravka i rada u Knji\u017enici.<\/p>\n<\/div>\n<h3><a class=\"show_hide\" href=\"#a\">Pristup knji\u017enici<\/a><\/h3>\n<div class=\"slidingDiv\">\n<p style=\"text-align: justify;\">Korisnicima u invalidskim kolicima i drugim te\u0161ko pokretnim osobama te osobama s o\u0161te\u0107enjem vida omogu\u0107ujemo pristup Knji\u017enici kroz poseban ulaz ili kroz gara\u017eu, u kojoj je osigurano i parkirno mjesto. Parkirati se mo\u017ee i na obli\u017enjem parkirali\u0161tu pred zgradom.<br \/>\nPreporu\u010damo da dolazak najavite telefonom na broj <strong>+ 385 (0) 21 434 802<\/strong> ili <strong>+ 385 (0) 21 434 808<\/strong> kako bi vas osoblje moglo uvesti u zgradu.<\/p>\n<p><strong>Pristup knji\u017eni\u010dnim prostorima<\/strong><\/p>\n<p style=\"text-align: justify;\">Pomo\u0107 pri snala\u017eenju u knji\u017enici i kretanju korisni\u010dkim prostorima mo\u017eete zatra\u017eiti od knji\u017eni\u010dnog osoblja. Osobama s poto\u0161ko\u0107ama u kretanju preporu\u010damo kori\u0161tenje \u010ditaonicama na ulaznoj eta\u017ei (0) i na eta\u017ei -2. Na tim se eta\u017eama nalaze i toaletne prostorije prilago\u0111ene korisnicima u invalidskim kolicima. Dostupne su i sobe za skupni rad, koje mogu koristiti svi studenti, no prioritet \u0107e se dati onima s invaliditetom.<\/p>\n<\/div>\n<h3><a class=\"show_hide\" href=\"#a\">Pristup knji\u017eni\u010dnoj gra\u0111i i uslugama<\/a><\/h3>\n<div class=\"slidingDiv\">\n<p style=\"text-align: justify;\"><strong>Upis<\/strong><br \/>\nPravo na kori\u0161tenje Knji\u017enicom ostvaruje se upisom. \u010clanstvo je za osobe s invaliditetom besplatno; napla\u0107uje se samo pri prvom upisu izrada \u010dlanske iskaznice (30 kn (3,98 EUR) ). Studenti Sveu\u010dili\u0161ta u Splitu upisuju se bez ikakve naknade, a njihova studentska X-ica vrijedi kao knji\u017eni\u010dna iskaznica.<br \/>\nKorisnik se upisuje na ulaznom pultu (razina 0), gdje popunjava pristupnicu. Potrebno je predo\u010diti osobnu iskaznicu i dokaz o invalidnosti. Korisnik dobija knji\u017eni\u010dnu \u010dlansku iskaznicu, odnosno, ako je student, aktivira mu se X-ica. \u010clanstvo vrijedi 12 mjeseci od dana upisa. U\u010dlaniti se mo\u017ee od 8 do 20.30 sati, subotom od 9 do 13.30.<\/p>\n<p><strong>Pronala\u017eenje literature i naru\u010divanje gra\u0111e <\/strong><\/p>\n<p style=\"text-align: justify;\">Knji\u017eni\u010dna gra\u0111a smje\u0161tena je u zatvorenim spremi\u0161tima i u \u010ditaonicama u otvorenom pristupu. Podatke o knjigama, \u010dasopisima i drugoj gra\u0111i mo\u017eete prona\u0107i u <a href=\"http:\/\/libar.svkst.unist.hr\/anew\/search.html\">knji\u017eni\u010dnom katalogu<\/a> ili zatra\u017eite pomo\u0107 knji\u017eni\u010dara. Kako biste gra\u0111u dobili na kori\u0161tenje, obratite se osoblju na \u010ditaoni\u010dkim pultovima ili je rezervirajte e-po\u0161tom (posudba@svkst.hr). Publikacije \u0107emo dostaviti u \u010ditaonicu koja vam najvi\u0161e odgovara.<\/p>\n<\/div>\n<h3><a class=\"show_hide\" href=\"#a\">Posudba gra\u0111e<\/a><\/h3>\n<div class=\"slidingDiv\">\n<p style=\"text-align: justify;\">Ako se \u017eelite knji\u017eni\u010dnom gra\u0111om slu\u017eiti kod ku\u0107e, mo\u017eemo vam udovoljiti, pod uvjetom da je gra\u0111a dostupna za posudbu. Kad god je to mogu\u0107e, prilagodit \u0107emo uvjete va\u0161im posebnim potrebama. Gra\u0111u umjesto vas mo\u017ee preuzeti i osoba s va\u0161im ovla\u0161tenjem. Vidjeti <a href=\"https:\/\/www.svkst.unist.hr\/wp-content\/uploads\/2018\/03\/Web-stranice-Punomo\u0107.pdf\">Punomo\u0107<\/a> za narud\u017ebu i\/ili preuzimanje gra\u0111e.<br \/>\nMolimo, nazovite prije dolaska na <strong>tel. + 385 (0) 21 434 828<\/strong>.<\/p>\n<p><strong>Fotokopiranje, skeniranje, printanje<\/strong><\/p>\n<p style=\"text-align: justify;\">Knji\u017eni\u010dna se gra\u0111a mo\u017ee kopirati ili skenirati za va\u0161e potrebe. Obratite se osoblju na \u010ditaoni\u010dkim pultovima. Vi\u0161e informacija o ovim uslugama mo\u017eete prona\u0107i ovdje. (<a href=\"https:\/\/www.svkst.unist.hr\/index.php\/usluge\/fotokopiranje-skeniranje-fotografiranje\/#a\">Reproduciranje knji\u017eni\u010dne gra\u0111e<\/a>)<\/p>\n<p><strong>Pristup opremi<\/strong><\/p>\n<p>&#8211; za slabovidne:<br \/>\nSamostalno pove\u0107alo za tiskanu gra\u0111u<br \/>\nSmje\u0161taj: \u010citaonica periodike, ulazna razina (eta\u017ea 0), blizu pulta<\/p>\n<p>Ra\u010dunalo za slabovidne i ra\u010dunalo s elektroni\u010dkim pove\u0107alom<br \/>\nSmje\u0161taj: Velika \u010ditaonica (eta\u017ea -2), u blizini posudbenog pulta<\/p>\n<p>&#8211; za slijepe:<br \/>\nRa\u010dunalo s govornom jedinicom i \u010dita\u010dem zaslona<\/p>\n<p>Smje\u0161taj: posebna prostorija na eta\u017ei -2<br \/>\nZa raspored ra\u010dunala, pisa\u010da i skenera u Knji\u017enici te specijalnih ure\u0111aja za osobe s invaliditetom vidjeti <a href=\"https:\/\/www.svkst.unist.hr\/wp-content\/uploads\/2018\/03\/ra\u010dunala.pdf\">shemu<\/a>.<\/p>\n<p><strong>Vi\u0161e informacija<\/strong><\/p>\n<p style=\"text-align: justify;\">Za vi\u0161e informacija obratite se osoblju ili kliknite na naslovnicu <a href=\"https:\/\/www.svkst.unist.hr\">Sveu\u010dili\u0161ne knji\u017enice<\/a>. Nazvati mo\u017eete na tel. <strong>+385 (0) 21 434 808<\/strong>, a upit poslati na e-po\u0161tu <strong>info@svkst.hr<\/strong> ili putem online obrasca <a href=\"https:\/\/www.svkst.unist.hr\/index.php\/kontakt\/\">Pitajte nas<\/a>.<br \/>\nMolimo, obavijestite nas ako ste imali pote\u0161ko\u0107a u snala\u017eenju u Knji\u017enici ili ako imate prijedloge za pobolj\u0161anje usluga.<\/p>\n<\/div>\n","protected":false},"excerpt":{"rendered":"<p>Usluge za korisnike s posebnim potrebama Sveu\u010dili\u0161na knji\u017enica \u017eeli svojim korisnicima s posebnim potrebama osigurati takvo okru\u017eenje koje \u0107e im olak\u0161ati pristup knji\u017eni\u010dnim uslugama i zbirkama. Knji\u017enica nastoji i nastojat \u0107e korisnicima &#8211; studentima s pote\u0161ko\u0107ama osigurati \u0161to bolje uvjete za uspje\u0161no studiranje te \u0107e rje\u0161avati specifi\u010dne probleme koji se mogu pojaviti tijekom boravka i [&hellip;]<\/p>\n","protected":false},"author":4,"featured_media":0,"parent":269,"menu_order":6,"comment_status":"closed","ping_status":"closed","template":"","meta":{"spay_email":""},"acf":[],"yoast_head":"<!-- This site is optimized with the Yoast SEO plugin v17.8 - https:\/\/yoast.com\/wordpress\/plugins\/seo\/ -->\n<title>Korisnici s posebnim potrebama - Sveu\u010dili\u0161na knji\u017enica u Splitu<\/title>\n<meta name=\"description\" content=\"Usluge za korisnike s posebnim potrebama Sveu\u010dili\u0161na knji\u017enica \u017eeli svojim korisnicima s posebnim potrebama osigurati takvo okru\u017eenje koje \u0107e im olak\u0161ati\" \/>\n<meta name=\"robots\" content=\"index, follow, max-snippet:-1, max-image-preview:large, max-video-preview:-1\" \/>\n<link rel=\"canonical\" href=\"https:\/\/www.svkst.unist.hr\/index.php\/usluge\/korisnici-s-posebnim-potrebama\/\" \/>\n<meta property=\"og:locale\" content=\"en_GB\" \/>\n<meta property=\"og:type\" content=\"article\" \/>\n<meta property=\"og:title\" content=\"Korisnici s posebnim potrebama - Sveu\u010dili\u0161na knji\u017enica u Splitu\" \/>\n<meta property=\"og:description\" content=\"Usluge za korisnike s posebnim potrebama Sveu\u010dili\u0161na knji\u017enica \u017eeli svojim korisnicima s posebnim potrebama osigurati takvo okru\u017eenje koje \u0107e im olak\u0161ati\" \/>\n<meta property=\"og:url\" content=\"https:\/\/www.svkst.unist.hr\/index.php\/usluge\/korisnici-s-posebnim-potrebama\/\" \/>\n<meta property=\"og:site_name\" content=\"Sveu\u010dili\u0161na knji\u017enica u Splitu\" \/>\n<meta property=\"article:publisher\" content=\"https:\/\/www.facebook.com\/svkst.unist.hr\/\" \/>\n<meta property=\"article:modified_time\" content=\"2022-09-06T09:38:04+00:00\" \/>\n<meta name=\"twitter:card\" content=\"summary_large_image\" \/>\n<meta name=\"twitter:label1\" content=\"Estimated reading time\" \/>\n\t<meta name=\"twitter:data1\" content=\"3 minutes\" \/>\n<script type=\"application\/ld+json\" class=\"yoast-schema-graph\">{\"@context\":\"https:\/\/schema.org\",\"@graph\":[{\"@type\":\"Organization\",\"@id\":\"https:\/\/www.svkst.unist.hr\/#organization\",\"name\":\"Sveu\\u010dili\\u0161na knji\\u017enica u Splitu\",\"url\":\"https:\/\/www.svkst.unist.hr\/\",\"sameAs\":[\"https:\/\/www.facebook.com\/svkst.unist.hr\/\"],\"logo\":{\"@type\":\"ImageObject\",\"@id\":\"https:\/\/www.svkst.unist.hr\/#logo\",\"inLanguage\":\"en-GB\",\"url\":\"https:\/\/i2.wp.com\/www.svkst.unist.hr\/wp-content\/uploads\/2018\/02\/sveucilisna_iskaznica_logo_tisak-1.png?fit=600%2C219&ssl=1\",\"contentUrl\":\"https:\/\/i2.wp.com\/www.svkst.unist.hr\/wp-content\/uploads\/2018\/02\/sveucilisna_iskaznica_logo_tisak-1.png?fit=600%2C219&ssl=1\",\"width\":600,\"height\":219,\"caption\":\"Sveu\\u010dili\\u0161na knji\\u017enica u Splitu\"},\"image\":{\"@id\":\"https:\/\/www.svkst.unist.hr\/#logo\"}},{\"@type\":\"WebSite\",\"@id\":\"https:\/\/www.svkst.unist.hr\/#website\",\"url\":\"https:\/\/www.svkst.unist.hr\/\",\"name\":\"Sveu\\u010dili\\u0161na knji\\u017enica u Splitu\",\"description\":\"\",\"publisher\":{\"@id\":\"https:\/\/www.svkst.unist.hr\/#organization\"},\"potentialAction\":[{\"@type\":\"SearchAction\",\"target\":{\"@type\":\"EntryPoint\",\"urlTemplate\":\"https:\/\/www.svkst.unist.hr\/?s={search_term_string}\"},\"query-input\":\"required name=search_term_string\"}],\"inLanguage\":\"en-GB\"},{\"@type\":\"WebPage\",\"@id\":\"https:\/\/www.svkst.unist.hr\/index.php\/usluge\/korisnici-s-posebnim-potrebama\/#webpage\",\"url\":\"https:\/\/www.svkst.unist.hr\/index.php\/usluge\/korisnici-s-posebnim-potrebama\/\",\"name\":\"Korisnici s posebnim potrebama - Sveu\\u010dili\\u0161na knji\\u017enica u Splitu\",\"isPartOf\":{\"@id\":\"https:\/\/www.svkst.unist.hr\/#website\"},\"datePublished\":\"2018-01-25T11:49:49+00:00\",\"dateModified\":\"2022-09-06T09:38:04+00:00\",\"description\":\"Usluge za korisnike s posebnim potrebama Sveu\\u010dili\\u0161na knji\\u017enica \\u017eeli svojim korisnicima s posebnim potrebama osigurati takvo okru\\u017eenje koje \\u0107e im olak\\u0161ati\",\"breadcrumb\":{\"@id\":\"https:\/\/www.svkst.unist.hr\/index.php\/usluge\/korisnici-s-posebnim-potrebama\/#breadcrumb\"},\"inLanguage\":\"en-GB\",\"potentialAction\":[{\"@type\":\"ReadAction\",\"target\":[\"https:\/\/www.svkst.unist.hr\/index.php\/usluge\/korisnici-s-posebnim-potrebama\/\"]}]},{\"@type\":\"BreadcrumbList\",\"@id\":\"https:\/\/www.svkst.unist.hr\/index.php\/usluge\/korisnici-s-posebnim-potrebama\/#breadcrumb\",\"itemListElement\":[{\"@type\":\"ListItem\",\"position\":1,\"name\":\"Home\",\"item\":\"https:\/\/www.svkst.unist.hr\/\"},{\"@type\":\"ListItem\",\"position\":2,\"name\":\"USLUGE\",\"item\":\"https:\/\/www.svkst.unist.hr\/index.php\/usluge\/\"},{\"@type\":\"ListItem\",\"position\":3,\"name\":\"Korisnici s posebnim potrebama\"}]}]}<\/script>\n<!-- \/ Yoast SEO plugin. -->","yoast_head_json":{"title":"Korisnici s posebnim potrebama - Sveu\u010dili\u0161na knji\u017enica u Splitu","description":"Usluge za korisnike s posebnim potrebama Sveu\u010dili\u0161na knji\u017enica \u017eeli svojim korisnicima s posebnim potrebama osigurati takvo okru\u017eenje koje \u0107e im olak\u0161ati","robots":{"index":"index","follow":"follow","max-snippet":"max-snippet:-1","max-image-preview":"max-image-preview:large","max-video-preview":"max-video-preview:-1"},"canonical":"https:\/\/www.svkst.unist.hr\/index.php\/usluge\/korisnici-s-posebnim-potrebama\/","og_locale":"en_GB","og_type":"article","og_title":"Korisnici s posebnim potrebama - Sveu\u010dili\u0161na knji\u017enica u Splitu","og_description":"Usluge za korisnike s posebnim potrebama Sveu\u010dili\u0161na knji\u017enica \u017eeli svojim korisnicima s posebnim potrebama osigurati takvo okru\u017eenje koje \u0107e im olak\u0161ati","og_url":"https:\/\/www.svkst.unist.hr\/index.php\/usluge\/korisnici-s-posebnim-potrebama\/","og_site_name":"Sveu\u010dili\u0161na knji\u017enica u Splitu","article_publisher":"https:\/\/www.facebook.com\/svkst.unist.hr\/","article_modified_time":"2022-09-06T09:38:04+00:00","twitter_card":"summary_large_image","twitter_misc":{"Estimated reading time":"3 minutes"},"schema":{"@context":"https:\/\/schema.org","@graph":[{"@type":"Organization","@id":"https:\/\/www.svkst.unist.hr\/#organization","name":"Sveu\u010dili\u0161na knji\u017enica u Splitu","url":"https:\/\/www.svkst.unist.hr\/","sameAs":["https:\/\/www.facebook.com\/svkst.unist.hr\/"],"logo":{"@type":"ImageObject","@id":"https:\/\/www.svkst.unist.hr\/#logo","inLanguage":"en-GB","url":"https:\/\/i2.wp.com\/www.svkst.unist.hr\/wp-content\/uploads\/2018\/02\/sveucilisna_iskaznica_logo_tisak-1.png?fit=600%2C219&ssl=1","contentUrl":"https:\/\/i2.wp.com\/www.svkst.unist.hr\/wp-content\/uploads\/2018\/02\/sveucilisna_iskaznica_logo_tisak-1.png?fit=600%2C219&ssl=1","width":600,"height":219,"caption":"Sveu\u010dili\u0161na knji\u017enica u Splitu"},"image":{"@id":"https:\/\/www.svkst.unist.hr\/#logo"}},{"@type":"WebSite","@id":"https:\/\/www.svkst.unist.hr\/#website","url":"https:\/\/www.svkst.unist.hr\/","name":"Sveu\u010dili\u0161na knji\u017enica u Splitu","description":"","publisher":{"@id":"https:\/\/www.svkst.unist.hr\/#organization"},"potentialAction":[{"@type":"SearchAction","target":{"@type":"EntryPoint","urlTemplate":"https:\/\/www.svkst.unist.hr\/?s={search_term_string}"},"query-input":"required name=search_term_string"}],"inLanguage":"en-GB"},{"@type":"WebPage","@id":"https:\/\/www.svkst.unist.hr\/index.php\/usluge\/korisnici-s-posebnim-potrebama\/#webpage","url":"https:\/\/www.svkst.unist.hr\/index.php\/usluge\/korisnici-s-posebnim-potrebama\/","name":"Korisnici s posebnim potrebama - Sveu\u010dili\u0161na knji\u017enica u Splitu","isPartOf":{"@id":"https:\/\/www.svkst.unist.hr\/#website"},"datePublished":"2018-01-25T11:49:49+00:00","dateModified":"2022-09-06T09:38:04+00:00","description":"Usluge za korisnike s posebnim potrebama Sveu\u010dili\u0161na knji\u017enica \u017eeli svojim korisnicima s posebnim potrebama osigurati takvo okru\u017eenje koje \u0107e im olak\u0161ati","breadcrumb":{"@id":"https:\/\/www.svkst.unist.hr\/index.php\/usluge\/korisnici-s-posebnim-potrebama\/#breadcrumb"},"inLanguage":"en-GB","potentialAction":[{"@type":"ReadAction","target":["https:\/\/www.svkst.unist.hr\/index.php\/usluge\/korisnici-s-posebnim-potrebama\/"]}]},{"@type":"BreadcrumbList","@id":"https:\/\/www.svkst.unist.hr\/index.php\/usluge\/korisnici-s-posebnim-potrebama\/#breadcrumb","itemListElement":[{"@type":"ListItem","position":1,"name":"Home","item":"https:\/\/www.svkst.unist.hr\/"},{"@type":"ListItem","position":2,"name":"USLUGE","item":"https:\/\/www.svkst.unist.hr\/index.php\/usluge\/"},{"@type":"ListItem","position":3,"name":"Korisnici s posebnim potrebama"}]}]}},"jetpack_shortlink":"https:\/\/wp.me\/Pan9Re-4y","_links":{"self":[{"href":"https:\/\/www.svkst.unist.hr\/index.php\/wp-json\/wp\/v2\/pages\/282"}],"collection":[{"href":"https:\/\/www.svkst.unist.hr\/index.php\/wp-json\/wp\/v2\/pages"}],"about":[{"href":"https:\/\/www.svkst.unist.hr\/index.php\/wp-json\/wp\/v2\/types\/page"}],"author":[{"embeddable":true,"href":"https:\/\/www.svkst.unist.hr\/index.php\/wp-json\/wp\/v2\/users\/4"}],"replies":[{"embeddable":true,"href":"https:\/\/www.svkst.unist.hr\/index.php\/wp-json\/wp\/v2\/comments?post=282"}],"version-history":[{"count":16,"href":"https:\/\/www.svkst.unist.hr\/index.php\/wp-json\/wp\/v2\/pages\/282\/revisions"}],"predecessor-version":[{"id":13399,"href":"https:\/\/www.svkst.unist.hr\/index.php\/wp-json\/wp\/v2\/pages\/282\/revisions\/13399"}],"up":[{"embeddable":true,"href":"https:\/\/www.svkst.unist.hr\/index.php\/wp-json\/wp\/v2\/pages\/269"}],"wp:attachment":[{"href":"https:\/\/www.svkst.unist.hr\/index.php\/wp-json\/wp\/v2\/media?parent=282"}],"curies":[{"name":"wp","href":"https:\/\/api.w.org\/{rel}","templated":true}]}}